{"id":249,"date":"2020-03-03T21:35:48","date_gmt":"2020-03-03T20:35:48","guid":{"rendered":"https:\/\/elexi.fr\/?page_id=249"},"modified":"2020-03-04T11:20:18","modified_gmt":"2020-03-04T10:20:18","slug":"bus-van-transport-groupe","status":"publish","type":"page","link":"https:\/\/elexi.fr\/en\/bus-van-transport-groupe\/","title":{"rendered":"Van & mini-bus"},"content":{"rendered":"<img src=\"https:\/\/elexi.fr\/wp-content\/uploads\/2020\/03\/Voitures-Classe-V.png\" alt=\"Voitures - Classe V\" title=\"Voitures - Classe V\" itemprop=\"image\"  \/>\n\t<h1>\n\t\t\t\tMINI-BUS \/ VAN\n\t\t\t<\/h1>\n\t<h1>\n\t\t\t\tMINI-BUS \/ VAN\n\t\t\t<\/h1>\n\t\t<p>Faites-nous confiance pour transporter un groupe lors d&rsquo;un \u00e9v\u00e9nement ou d&rsquo;un circuit touristique et de mani\u00e8re \u00e9co-responsable. \u00a0<\/p>\t\n\t\t\t<a href=\"#booking\" target=\"_self\"   role=\"button\">\n\t\t\t\t\t\t\tBook it\n\t\t<\/a>\n\t<h1>\n\t\t\t\tInformation\/Quotation\n\t\t\t<\/h1>\n\t\t<p>Guaranteed response within 1 hour.\u00a0<\/p>\t\n\t\t\t<h3>Bus and van, 100 % CO2-neutral<\/h3>\t\t\t\n\t\t\t\t<p class=\" translation-block\">Over the years we have gained experience in logistics coordination.<br> We are able to offer bus and van services for any type of group.<\/p>\n\t\t\t\t<img src=\"https:\/\/elexi.fr\/wp-content\/uploads\/2020\/03\/Arbre-1.png\" alt=\"Arbre\" itemprop=\"image\" title=\"Arbre\" onerror=\"this.style.display='none'\"  \/>\n\t\t\t\t<img src=\"https:\/\/elexi.fr\/wp-content\/uploads\/2020\/03\/Arbre-1.png\" alt=\"Arbre\" itemprop=\"image\" title=\"Arbre\" onerror=\"this.style.display='none'\"  \/>\n\t\t\t\t<img src=\"https:\/\/elexi.fr\/wp-content\/uploads\/2020\/03\/Arbre-1.png\" alt=\"Arbre\" itemprop=\"image\" title=\"Arbre\" onerror=\"this.style.display='none'\"  \/>\n\t<p>For small groups of 4 to 8 people, the Mercedes EQV electric van (equivalent to Class V) and the Tesla Model X are suitable for pleasant, emission-free driving.<\/p>\n\t<p>There are more of you? From 10 to 400 people, we organize shuttle buses as well as transfers during the day. Any level of range possible.<\/p>\n\t<p>Buses emit about 170 g CO2\/km, and CO2-neutral technologies are struggling to become more widespread. In the meantime, we are planting a tree every 100 km travelled in order to remain carbon neutral.<\/p>\n\t\t\t<a href=\"#booking\" target=\"_self\"   role=\"button\">\n\t\t\t\t\t\t\tBook it\n\t\t<\/a>\n\t<h1>\n\t\t\t\tXXL fleet\n\t\t\t<\/h1>\n\t\t<p>Des vans 8 places jusqu&rsquo;au bus de 64 places en passant par les mini-bus 22 places<\/p>","protected":false},"excerpt":{"rendered":"<p>BUS \/ VAN BUS \/ VAN Faites-nous confiance pour transporter un groupe lors d&rsquo;un \u00e9v\u00e9nement ou d&rsquo;un circuit touristique et de mani\u00e8re \u00e9co-responsable. \u00a0 R\u00e9server Informations\/Devis R\u00e9ponse garantie sous 1 heure.\u00a0 Bus et van, 100 % neutre en \u00e9mission de CO2 Nous avons acquis au fil des ann\u00e9es une exp\u00e9rience en coordination logistique.Nous sommes en &hellip;<\/p>\n<p class=\"read-more\"> <a class=\"\" href=\"https:\/\/elexi.fr\/en\/bus-van-transport-groupe\/\"> <span class=\"screen-reader-text\">Van & mini-bus<\/span> Read More &raquo;<\/a><\/p>","protected":false},"author":1,"featured_media":0,"parent":0,"menu_order":0,"comment_status":"closed","ping_status":"closed","template":"","meta":{"_monsterinsights_skip_tracking":false,"_monsterinsights_sitenote_active":false,"_monsterinsights_sitenote_note":"","_monsterinsights_sitenote_category":0},"yoast_head":"<!-- This site is optimized with the Yoast SEO plugin v17.8 - https:\/\/yoast.com\/wordpress\/plugins\/seo\/ -->\n<title>Van &amp; Bus &ndash; Elexi<\/title>\n<meta name=\"robots\" content=\"index, follow, max-snippet:-1, max-image-preview:large, max-video-preview:-1\" \/>\n<link rel=\"canonical\" href=\"https:\/\/elexi.fr\/bus-van-transport-groupe\/\" \/>\n<meta property=\"og:locale\" content=\"en_US\" \/>\n<meta property=\"og:type\" content=\"article\" \/>\n<meta property=\"og:title\" content=\"Van &amp; Bus &ndash; Elexi\" \/>\n<meta property=\"og:description\" content=\"BUS \/ VAN BUS \/ VAN Faites-nous confiance pour transporter un groupe lors d&rsquo;un \u00e9v\u00e9nement ou d&rsquo;un circuit touristique et de mani\u00e8re \u00e9co-responsable. \u00a0 R\u00e9server Informations\/Devis R\u00e9ponse garantie sous 1 heure.\u00a0 Bus et van, 100 % neutre en \u00e9mission de CO2 Nous avons acquis au fil des ann\u00e9es une exp\u00e9rience en coordination logistique.Nous sommes en &hellip; Van &#038; Bus Read More &raquo;\" \/>\n<meta property=\"og:url\" content=\"https:\/\/elexi.fr\/bus-van-transport-groupe\/\" \/>\n<meta property=\"og:site_name\" content=\"Elexi\" \/>\n<meta property=\"article:publisher\" content=\"https:\/\/www.facebook.com\/elexi.bdx\/\" \/>\n<meta property=\"article:modified_time\" content=\"2020-03-04T10:20:18+00:00\" \/>\n<meta property=\"og:image\" content=\"https:\/\/elexi.fr\/wp-content\/uploads\/2020\/03\/Voitures-Classe-V.png\" \/>\n<meta name=\"twitter:label1\" content=\"Est. reading time\" \/>\n\t<meta name=\"twitter:data1\" content=\"1 minute\" \/>\n<script type=\"application\/ld+json\" class=\"yoast-schema-graph\">{\"@context\":\"https:\/\/schema.org\",\"@graph\":[{\"@type\":\"Organization\",\"@id\":\"https:\/\/elexi.fr\/#organization\",\"name\":\"Elexi\",\"url\":\"https:\/\/elexi.fr\/\",\"sameAs\":[\"https:\/\/www.facebook.com\/elexi.bdx\/\",\"https:\/\/instagram.com\/elexi.travel.event\",\"https:\/\/www.linkedin.com\/company\/11209084\/\"],\"logo\":{\"@type\":\"ImageObject\",\"@id\":\"https:\/\/elexi.fr\/#logo\",\"inLanguage\":\"en-US\",\"url\":\"https:\/\/elexi.fr\/wp-content\/uploads\/2020\/02\/Elexi-blanc.png\",\"contentUrl\":\"https:\/\/elexi.fr\/wp-content\/uploads\/2020\/02\/Elexi-blanc.png\",\"width\":4213,\"height\":1538,\"caption\":\"Elexi\"},\"image\":{\"@id\":\"https:\/\/elexi.fr\/#logo\"}},{\"@type\":\"WebSite\",\"@id\":\"https:\/\/elexi.fr\/#website\",\"url\":\"https:\/\/elexi.fr\/\",\"name\":\"Elexi\",\"description\":\"Agences d&#039;\\u00e9co-mobilit\\u00e9\",\"publisher\":{\"@id\":\"https:\/\/elexi.fr\/#organization\"},\"potentialAction\":[{\"@type\":\"SearchAction\",\"target\":{\"@type\":\"EntryPoint\",\"urlTemplate\":\"https:\/\/elexi.fr\/?s={search_term_string}\"},\"query-input\":\"required name=search_term_string\"}],\"inLanguage\":\"en-US\"},{\"@type\":\"ImageObject\",\"@id\":\"https:\/\/elexi.fr\/bus-van-transport-groupe\/#primaryimage\",\"inLanguage\":\"en-US\",\"url\":\"https:\/\/elexi.fr\/wp-content\/uploads\/2020\/03\/Voitures-Classe-V.png\",\"contentUrl\":\"https:\/\/elexi.fr\/wp-content\/uploads\/2020\/03\/Voitures-Classe-V.png\",\"width\":800,\"height\":500,\"caption\":\"Location EQV\"},{\"@type\":\"WebPage\",\"@id\":\"https:\/\/elexi.fr\/bus-van-transport-groupe\/#webpage\",\"url\":\"https:\/\/elexi.fr\/bus-van-transport-groupe\/\",\"name\":\"Van & Bus &ndash; Elexi\",\"isPartOf\":{\"@id\":\"https:\/\/elexi.fr\/#website\"},\"primaryImageOfPage\":{\"@id\":\"https:\/\/elexi.fr\/bus-van-transport-groupe\/#primaryimage\"},\"datePublished\":\"2020-03-03T20:35:48+00:00\",\"dateModified\":\"2020-03-04T10:20:18+00:00\",\"breadcrumb\":{\"@id\":\"https:\/\/elexi.fr\/bus-van-transport-groupe\/#breadcrumb\"},\"inLanguage\":\"en-US\",\"potentialAction\":[{\"@type\":\"ReadAction\",\"target\":[\"https:\/\/elexi.fr\/bus-van-transport-groupe\/\"]}]},{\"@type\":\"BreadcrumbList\",\"@id\":\"https:\/\/elexi.fr\/bus-van-transport-groupe\/#breadcrumb\",\"itemListElement\":[{\"@type\":\"ListItem\",\"position\":1,\"name\":\"Accueil\",\"item\":\"https:\/\/elexi.fr\/\"},{\"@type\":\"ListItem\",\"position\":2,\"name\":\"Van &#038; Bus\"}]}]}<\/script>\n<!-- \/ Yoast SEO plugin. -->","yoast_head_json":{"title":"Van & Bus &ndash; Elexi","robots":{"index":"index","follow":"follow","max-snippet":"max-snippet:-1","max-image-preview":"max-image-preview:large","max-video-preview":"max-video-preview:-1"},"canonical":"https:\/\/elexi.fr\/bus-van-transport-groupe\/","og_locale":"en_US","og_type":"article","og_title":"Van & Bus &ndash; Elexi","og_description":"BUS \/ VAN BUS \/ VAN Faites-nous confiance pour transporter un groupe lors d&rsquo;un \u00e9v\u00e9nement ou d&rsquo;un circuit touristique et de mani\u00e8re \u00e9co-responsable. \u00a0 R\u00e9server Informations\/Devis R\u00e9ponse garantie sous 1 heure.\u00a0 Bus et van, 100 % neutre en \u00e9mission de CO2 Nous avons acquis au fil des ann\u00e9es une exp\u00e9rience en coordination logistique.Nous sommes en &hellip; Van &#038; Bus Read More &raquo;","og_url":"https:\/\/elexi.fr\/bus-van-transport-groupe\/","og_site_name":"Elexi","article_publisher":"https:\/\/www.facebook.com\/elexi.bdx\/","article_modified_time":"2020-03-04T10:20:18+00:00","og_image":[{"url":"https:\/\/elexi.fr\/wp-content\/uploads\/2020\/03\/Voitures-Classe-V.png"}],"twitter_misc":{"Est. reading time":"1 minute"},"schema":{"@context":"https:\/\/schema.org","@graph":[{"@type":"Organization","@id":"https:\/\/elexi.fr\/#organization","name":"Elexi","url":"https:\/\/elexi.fr\/","sameAs":["https:\/\/www.facebook.com\/elexi.bdx\/","https:\/\/instagram.com\/elexi.travel.event","https:\/\/www.linkedin.com\/company\/11209084\/"],"logo":{"@type":"ImageObject","@id":"https:\/\/elexi.fr\/#logo","inLanguage":"en-US","url":"https:\/\/elexi.fr\/wp-content\/uploads\/2020\/02\/Elexi-blanc.png","contentUrl":"https:\/\/elexi.fr\/wp-content\/uploads\/2020\/02\/Elexi-blanc.png","width":4213,"height":1538,"caption":"Elexi"},"image":{"@id":"https:\/\/elexi.fr\/#logo"}},{"@type":"WebSite","@id":"https:\/\/elexi.fr\/#website","url":"https:\/\/elexi.fr\/","name":"Elexi","description":"Agences d&#039;\u00e9co-mobilit\u00e9","publisher":{"@id":"https:\/\/elexi.fr\/#organization"},"potentialAction":[{"@type":"SearchAction","target":{"@type":"EntryPoint","urlTemplate":"https:\/\/elexi.fr\/?s={search_term_string}"},"query-input":"required name=search_term_string"}],"inLanguage":"en-US"},{"@type":"ImageObject","@id":"https:\/\/elexi.fr\/bus-van-transport-groupe\/#primaryimage","inLanguage":"en-US","url":"https:\/\/elexi.fr\/wp-content\/uploads\/2020\/03\/Voitures-Classe-V.png","contentUrl":"https:\/\/elexi.fr\/wp-content\/uploads\/2020\/03\/Voitures-Classe-V.png","width":800,"height":500,"caption":"Location EQV"},{"@type":"WebPage","@id":"https:\/\/elexi.fr\/bus-van-transport-groupe\/#webpage","url":"https:\/\/elexi.fr\/bus-van-transport-groupe\/","name":"Van & Bus &ndash; Elexi","isPartOf":{"@id":"https:\/\/elexi.fr\/#website"},"primaryImageOfPage":{"@id":"https:\/\/elexi.fr\/bus-van-transport-groupe\/#primaryimage"},"datePublished":"2020-03-03T20:35:48+00:00","dateModified":"2020-03-04T10:20:18+00:00","breadcrumb":{"@id":"https:\/\/elexi.fr\/bus-van-transport-groupe\/#breadcrumb"},"inLanguage":"en-US","potentialAction":[{"@type":"ReadAction","target":["https:\/\/elexi.fr\/bus-van-transport-groupe\/"]}]},{"@type":"BreadcrumbList","@id":"https:\/\/elexi.fr\/bus-van-transport-groupe\/#breadcrumb","itemListElement":[{"@type":"ListItem","position":1,"name":"Accueil","item":"https:\/\/elexi.fr\/"},{"@type":"ListItem","position":2,"name":"Van &#038; Bus"}]}]}},"_links":{"self":[{"href":"https:\/\/elexi.fr\/en\/wp-json\/wp\/v2\/pages\/249"}],"collection":[{"href":"https:\/\/elexi.fr\/en\/wp-json\/wp\/v2\/pages"}],"about":[{"href":"https:\/\/elexi.fr\/en\/wp-json\/wp\/v2\/types\/page"}],"author":[{"embeddable":true,"href":"https:\/\/elexi.fr\/en\/wp-json\/wp\/v2\/users\/1"}],"replies":[{"embeddable":true,"href":"https:\/\/elexi.fr\/en\/wp-json\/wp\/v2\/comments?post=249"}],"version-history":[{"count":3,"href":"https:\/\/elexi.fr\/en\/wp-json\/wp\/v2\/pages\/249\/revisions"}],"predecessor-version":[{"id":271,"href":"https:\/\/elexi.fr\/en\/wp-json\/wp\/v2\/pages\/249\/revisions\/271"}],"wp:attachment":[{"href":"https:\/\/elexi.fr\/en\/wp-json\/wp\/v2\/media?parent=249"}],"curies":[{"name":"wp","href":"https:\/\/api.w.org\/{rel}","templated":true}]}}